{"id":100,"date":"2025-08-15T22:09:55","date_gmt":"2025-08-15T22:09:55","guid":{"rendered":"https:\/\/vendanges-musicales.ch\/?page_id=100"},"modified":"2025-10-28T16:37:11","modified_gmt":"2025-10-28T16:37:11","slug":"programme-2025","status":"publish","type":"page","link":"https:\/\/vendanges-musicales.ch\/index.php\/programme-2025\/","title":{"rendered":"Programme 2025"},"content":{"rendered":"\n<figure class=\"wp-block-image aligncenter size-large is-resized\"><img loading=\"lazy\" decoding=\"async\" width=\"798\" height=\"1024\" src=\"https:\/\/vendanges-musicales.ch\/wp-content\/uploads\/2025\/08\/Sans-titre-798x1024.jpg\" alt=\"\" class=\"wp-image-105\" style=\"width:382px;height:auto\" srcset=\"https:\/\/vendanges-musicales.ch\/wp-content\/uploads\/2025\/08\/Sans-titre-798x1024.jpg 798w, https:\/\/vendanges-musicales.ch\/wp-content\/uploads\/2025\/08\/Sans-titre-234x300.jpg 234w, https:\/\/vendanges-musicales.ch\/wp-content\/uploads\/2025\/08\/Sans-titre-768x986.jpg 768w, https:\/\/vendanges-musicales.ch\/wp-content\/uploads\/2025\/08\/Sans-titre-1196x1536.jpg 1196w, https:\/\/vendanges-musicales.ch\/wp-content\/uploads\/2025\/08\/Sans-titre-1595x2048.jpg 1595w, https:\/\/vendanges-musicales.ch\/wp-content\/uploads\/2025\/08\/Sans-titre-scaled.jpg 1994w\" sizes=\"auto, (max-width: 798px) 100vw, 798px\" \/><\/figure>\n\n\n\n<p class=\"has-black-color has-text-color has-link-color has-medium-font-size wp-elements-1 wp-block-paragraph\"><strong>27 septembre 2025 &#8211; Concert jeunes talents<\/strong><\/p>\n\n\n\n<p class=\"has-black-color has-text-color has-link-color wp-elements-2 wp-block-paragraph\">Eglise de Villette (Paroisse de Bourg-en-Lavaux, chemin de la Com\u00e8te 2, 1096 Villette) \u00e0 18h30.<\/p>\n\n\n\n<p class=\"has-black-color has-text-color has-link-color wp-elements-3 wp-block-paragraph\"><strong>Programme<\/strong> : Franz Shubert, Trio \u00e0 cordes pour violon, alto et violoncelle en SI b Majeur B 581 &#8211; Pause &#8211; W.A. Mozart, quatuor avec fl\u00fbte pour fl\u00fbte, violon, alto et violoncelle en Re Majeur K.298.<\/p>\n\n\n\n<p class=\"has-black-color has-text-color has-link-color wp-elements-4 wp-block-paragraph\"><strong>Artistes :<\/strong> Liva Vilcane (fl\u00fbte), Alara Hekimoglu (violon), Ivan Udovychenko (alto), Konstancja Smietanskaja (violoncelle).<\/p>\n\n\n\n<p class=\"has-white-color has-text-color has-link-color wp-elements-5 wp-block-paragraph\">.<\/p>\n\n\n\n<p class=\"has-black-color has-text-color has-link-color has-medium-font-size wp-elements-6 wp-block-paragraph\"><strong>3 octobre 2025 &#8211; Concert grands quintettes \u00e0 cordes<\/strong><\/p>\n\n\n\n<p class=\"has-black-color has-text-color has-link-color wp-elements-7 wp-block-paragraph\">Grande salle de Grandvaux (Chemin du Four, 1091 Grandvaux) \u00e0 19h30.<\/p>\n\n\n\n<p class=\"has-black-color has-text-color has-link-color wp-elements-8 wp-block-paragraph\"><strong>Programme<\/strong> : L. Boccherini quintette en Fa majeur no. 2 op. 41, F.Schubert quintette en Do majeur D.956.<\/p>\n\n\n\n<p class=\"has-black-color has-text-color has-link-color wp-elements-9 wp-block-paragraph\"><strong>Artistes : <\/strong>F\u00e9lix Froschhammer (violon), Lucas Monerri (violon), Zaiga Vilcane (alto), Pierre Deppe (violoncelle), Simon Lefebvre (violoncelle).<\/p>\n\n\n\n<p class=\"wp-block-paragraph\">.<\/p>\n\n\n\n<h2 class=\"wp-block-heading\"><strong>Reflets de l&rsquo;\u00e9dition 2025<\/strong><\/h2>\n\n\n\n<figure class=\"wp-block-gallery has-nested-images columns-default is-cropped wp-block-gallery-1 is-layout-flex wp-block-gallery-is-layout-flex\">\n<figure class=\"wp-block-image size-large\"><img loading=\"lazy\" decoding=\"async\" width=\"1024\" height=\"755\" data-id=\"159\" src=\"https:\/\/vendanges-musicales.ch\/wp-content\/uploads\/2025\/10\/1758813379175-1024x755.jpg\" alt=\"\" class=\"wp-image-159\" srcset=\"https:\/\/vendanges-musicales.ch\/wp-content\/uploads\/2025\/10\/1758813379175-1024x755.jpg 1024w, https:\/\/vendanges-musicales.ch\/wp-content\/uploads\/2025\/10\/1758813379175-300x221.jpg 300w, https:\/\/vendanges-musicales.ch\/wp-content\/uploads\/2025\/10\/1758813379175-768x566.jpg 768w, https:\/\/vendanges-musicales.ch\/wp-content\/uploads\/2025\/10\/1758813379175.jpg 1377w\" sizes=\"auto, (max-width: 1024px) 100vw, 1024px\" \/><\/figure>\n\n\n\n<figure class=\"wp-block-image size-large\"><img loading=\"lazy\" decoding=\"async\" width=\"1024\" height=\"768\" data-id=\"152\" src=\"https:\/\/vendanges-musicales.ch\/wp-content\/uploads\/2025\/10\/00153d43-185b-4660-bdcd-74a902e2b57d-1024x768.jpg\" alt=\"\" class=\"wp-image-152\" srcset=\"https:\/\/vendanges-musicales.ch\/wp-content\/uploads\/2025\/10\/00153d43-185b-4660-bdcd-74a902e2b57d-1024x768.jpg 1024w, https:\/\/vendanges-musicales.ch\/wp-content\/uploads\/2025\/10\/00153d43-185b-4660-bdcd-74a902e2b57d-300x225.jpg 300w, https:\/\/vendanges-musicales.ch\/wp-content\/uploads\/2025\/10\/00153d43-185b-4660-bdcd-74a902e2b57d-768x576.jpg 768w, https:\/\/vendanges-musicales.ch\/wp-content\/uploads\/2025\/10\/00153d43-185b-4660-bdcd-74a902e2b57d-1536x1152.jpg 1536w, https:\/\/vendanges-musicales.ch\/wp-content\/uploads\/2025\/10\/00153d43-185b-4660-bdcd-74a902e2b57d.jpg 2048w\" sizes=\"auto, (max-width: 1024px) 100vw, 1024px\" \/><\/figure>\n\n\n\n<figure class=\"wp-block-image size-large\"><img loading=\"lazy\" decoding=\"async\" width=\"1024\" height=\"768\" data-id=\"156\" src=\"https:\/\/vendanges-musicales.ch\/wp-content\/uploads\/2025\/10\/IMG_6314-1024x768.jpg\" alt=\"\" class=\"wp-image-156\" srcset=\"https:\/\/vendanges-musicales.ch\/wp-content\/uploads\/2025\/10\/IMG_6314-1024x768.jpg 1024w, https:\/\/vendanges-musicales.ch\/wp-content\/uploads\/2025\/10\/IMG_6314-300x225.jpg 300w, https:\/\/vendanges-musicales.ch\/wp-content\/uploads\/2025\/10\/IMG_6314-768x576.jpg 768w, https:\/\/vendanges-musicales.ch\/wp-content\/uploads\/2025\/10\/IMG_6314-1536x1152.jpg 1536w, https:\/\/vendanges-musicales.ch\/wp-content\/uploads\/2025\/10\/IMG_6314-2048x1536.jpg 2048w\" sizes=\"auto, (max-width: 1024px) 100vw, 1024px\" \/><\/figure>\n\n\n\n<figure class=\"wp-block-image size-large\"><img loading=\"lazy\" decoding=\"async\" width=\"1024\" height=\"768\" data-id=\"155\" src=\"https:\/\/vendanges-musicales.ch\/wp-content\/uploads\/2025\/10\/IMG_6312-1024x768.jpg\" alt=\"\" class=\"wp-image-155\" srcset=\"https:\/\/vendanges-musicales.ch\/wp-content\/uploads\/2025\/10\/IMG_6312-1024x768.jpg 1024w, https:\/\/vendanges-musicales.ch\/wp-content\/uploads\/2025\/10\/IMG_6312-300x225.jpg 300w, https:\/\/vendanges-musicales.ch\/wp-content\/uploads\/2025\/10\/IMG_6312-768x576.jpg 768w, https:\/\/vendanges-musicales.ch\/wp-content\/uploads\/2025\/10\/IMG_6312-1536x1152.jpg 1536w, https:\/\/vendanges-musicales.ch\/wp-content\/uploads\/2025\/10\/IMG_6312-2048x1536.jpg 2048w\" sizes=\"auto, (max-width: 1024px) 100vw, 1024px\" \/><\/figure>\n\n\n\n<figure class=\"wp-block-image size-large\"><img loading=\"lazy\" decoding=\"async\" width=\"1024\" height=\"768\" data-id=\"157\" src=\"https:\/\/vendanges-musicales.ch\/wp-content\/uploads\/2025\/10\/IMG_6233-1024x768.jpg\" alt=\"\" class=\"wp-image-157\" srcset=\"https:\/\/vendanges-musicales.ch\/wp-content\/uploads\/2025\/10\/IMG_6233-1024x768.jpg 1024w, https:\/\/vendanges-musicales.ch\/wp-content\/uploads\/2025\/10\/IMG_6233-300x225.jpg 300w, https:\/\/vendanges-musicales.ch\/wp-content\/uploads\/2025\/10\/IMG_6233-768x576.jpg 768w, https:\/\/vendanges-musicales.ch\/wp-content\/uploads\/2025\/10\/IMG_6233-1536x1152.jpg 1536w, https:\/\/vendanges-musicales.ch\/wp-content\/uploads\/2025\/10\/IMG_6233-2048x1536.jpg 2048w\" sizes=\"auto, (max-width: 1024px) 100vw, 1024px\" \/><\/figure>\n\n\n\n<figure class=\"wp-block-image size-large\"><img loading=\"lazy\" decoding=\"async\" width=\"1024\" height=\"768\" data-id=\"154\" src=\"https:\/\/vendanges-musicales.ch\/wp-content\/uploads\/2025\/10\/IMG_6228-1024x768.jpg\" alt=\"\" class=\"wp-image-154\" srcset=\"https:\/\/vendanges-musicales.ch\/wp-content\/uploads\/2025\/10\/IMG_6228-1024x768.jpg 1024w, https:\/\/vendanges-musicales.ch\/wp-content\/uploads\/2025\/10\/IMG_6228-300x225.jpg 300w, https:\/\/vendanges-musicales.ch\/wp-content\/uploads\/2025\/10\/IMG_6228-768x576.jpg 768w, https:\/\/vendanges-musicales.ch\/wp-content\/uploads\/2025\/10\/IMG_6228-1536x1152.jpg 1536w, https:\/\/vendanges-musicales.ch\/wp-content\/uploads\/2025\/10\/IMG_6228-2048x1536.jpg 2048w\" sizes=\"auto, (max-width: 1024px) 100vw, 1024px\" \/><\/figure>\n\n\n\n<figure class=\"wp-block-image size-large\"><img loading=\"lazy\" decoding=\"async\" width=\"1024\" height=\"768\" data-id=\"153\" src=\"https:\/\/vendanges-musicales.ch\/wp-content\/uploads\/2025\/10\/IMG_6227-1024x768.jpg\" alt=\"\" class=\"wp-image-153\" srcset=\"https:\/\/vendanges-musicales.ch\/wp-content\/uploads\/2025\/10\/IMG_6227-1024x768.jpg 1024w, https:\/\/vendanges-musicales.ch\/wp-content\/uploads\/2025\/10\/IMG_6227-300x225.jpg 300w, https:\/\/vendanges-musicales.ch\/wp-content\/uploads\/2025\/10\/IMG_6227-768x576.jpg 768w, https:\/\/vendanges-musicales.ch\/wp-content\/uploads\/2025\/10\/IMG_6227-1536x1152.jpg 1536w, https:\/\/vendanges-musicales.ch\/wp-content\/uploads\/2025\/10\/IMG_6227-2048x1536.jpg 2048w\" sizes=\"auto, (max-width: 1024px) 100vw, 1024px\" \/><\/figure>\n\n\n\n<figure class=\"wp-block-image size-large\"><img loading=\"lazy\" decoding=\"async\" width=\"1024\" height=\"768\" data-id=\"158\" src=\"https:\/\/vendanges-musicales.ch\/wp-content\/uploads\/2025\/10\/IMG_6223-1024x768.jpg\" alt=\"\" class=\"wp-image-158\" srcset=\"https:\/\/vendanges-musicales.ch\/wp-content\/uploads\/2025\/10\/IMG_6223-1024x768.jpg 1024w, https:\/\/vendanges-musicales.ch\/wp-content\/uploads\/2025\/10\/IMG_6223-300x225.jpg 300w, https:\/\/vendanges-musicales.ch\/wp-content\/uploads\/2025\/10\/IMG_6223-768x576.jpg 768w, https:\/\/vendanges-musicales.ch\/wp-content\/uploads\/2025\/10\/IMG_6223-1536x1152.jpg 1536w, https:\/\/vendanges-musicales.ch\/wp-content\/uploads\/2025\/10\/IMG_6223-2048x1536.jpg 2048w\" sizes=\"auto, (max-width: 1024px) 100vw, 1024px\" \/><\/figure>\n<\/figure>\n","protected":false},"excerpt":{"rendered":"<p>27 septembre 2025 &#8211; Concert jeunes talents Eglise de Villette (Paroisse de Bourg-en-Lavaux, chemin de la Com\u00e8te 2, 1096 Villette) \u00e0 18h30. Programme : Franz Shubert, Trio \u00e0 cordes pour &#8230;<\/p>\n","protected":false},"author":1,"featured_media":0,"parent":0,"menu_order":0,"comment_status":"closed","ping_status":"closed","template":"","meta":{"footnotes":""},"class_list":["post-100","page","type-page","status-publish","hentry"],"_links":{"self":[{"href":"https:\/\/vendanges-musicales.ch\/index.php\/wp-json\/wp\/v2\/pages\/100","targetHints":{"allow":["GET"]}}],"collection":[{"href":"https:\/\/vendanges-musicales.ch\/index.php\/wp-json\/wp\/v2\/pages"}],"about":[{"href":"https:\/\/vendanges-musicales.ch\/index.php\/wp-json\/wp\/v2\/types\/page"}],"author":[{"embeddable":true,"href":"https:\/\/vendanges-musicales.ch\/index.php\/wp-json\/wp\/v2\/users\/1"}],"replies":[{"embeddable":true,"href":"https:\/\/vendanges-musicales.ch\/index.php\/wp-json\/wp\/v2\/comments?post=100"}],"version-history":[{"count":11,"href":"https:\/\/vendanges-musicales.ch\/index.php\/wp-json\/wp\/v2\/pages\/100\/revisions"}],"predecessor-version":[{"id":164,"href":"https:\/\/vendanges-musicales.ch\/index.php\/wp-json\/wp\/v2\/pages\/100\/revisions\/164"}],"wp:attachment":[{"href":"https:\/\/vendanges-musicales.ch\/index.php\/wp-json\/wp\/v2\/media?parent=100"}],"curies":[{"name":"wp","href":"https:\/\/api.w.org\/{rel}","templated":true}]}}