{"id":24,"date":"2024-12-27T16:28:46","date_gmt":"2024-12-27T16:28:46","guid":{"rendered":"https:\/\/vendanges-musicales.ch\/?page_id=24"},"modified":"2025-10-28T16:23:21","modified_gmt":"2025-10-28T16:23:21","slug":"lassociation","status":"publish","type":"page","link":"https:\/\/vendanges-musicales.ch\/index.php\/lassociation\/","title":{"rendered":"L&rsquo;association"},"content":{"rendered":"\n<p class=\"wp-block-paragraph\"><\/p>\n\n\n\n<h2 class=\"wp-block-heading has-text-color has-link-color wp-elements-1\" style=\"color:#723872\">Les Vendanges Musicales<\/h2>\n\n\n\n<p class=\"has-black-color has-text-color has-link-color wp-elements-2 wp-block-paragraph\">L\u2019association les Vendanges Musicales a \u00e9t\u00e9 cr\u00e9\u00e9e en novembre 2024 \u00e0 Villette<br>dans le but de promouvoir la culture et soutenir les jeunes talents musicaux en Suisse<br>romande.<\/p>\n\n\n\n<p class=\"has-black-color has-text-color has-link-color wp-elements-3 wp-block-paragraph\"><br>L\u2019objectif principal de l\u2019association est d\u2019organiser des \u00e9v\u00e9nements culturels gratuits et de haute<br>qualit\u00e9 tout en valorisant le patrimoine local et la rencontre entre musique classique et<br>richesses \u0153nologiques du Lavaux.<\/p>\n\n\n\n<h2 class=\"wp-block-heading has-text-color has-link-color wp-elements-4\" style=\"color:#723872\"><br>Le festival<\/h2>\n\n\n\n<p class=\"has-black-color has-text-color has-link-color wp-elements-5 wp-block-paragraph\"><br>Le festival Vendanges Musicales est un \u00e9v\u00e9nement unique de musique<br>classique, organis\u00e9 durant la p\u00e9riode des vendanges. L\u2019objectif est de cr\u00e9er une alliance<br>innovante entre la musique, les artistes locaux et le vin dans le cadre enchanteur de Lavaux.<\/p>\n\n\n\n<p class=\"has-black-color has-text-color has-link-color wp-elements-6 wp-block-paragraph\"><br><strong>Type de musique : <\/strong>Musique de chambre avec des formations de 2 \u00e0 8 musiciens.<br><strong>Programmation :<\/strong> Des artistes professionnels, issus de la r\u00e9gion ou ayant un lien fort<br>avec la Suisse romande, interpr\u00e9teront des \u0153uvres accessibles et vari\u00e9es, dont des compositeurs suisses.<br><strong>Le petit plus : <\/strong>Collaboration avec des domaines viticoles pour offrir des d\u00e9gustations<br>lors des concerts.<br><strong>Dates : <\/strong>Automne 2026.<br><strong>Dur\u00e9e : <\/strong>Quatre concerts.<\/p>\n\n\n\n<p class=\"wp-block-paragraph\"><\/p>\n\n\n\n<figure class=\"wp-block-image size-large is-resized\"><img loading=\"lazy\" decoding=\"async\" width=\"1024\" height=\"397\" src=\"https:\/\/vendanges-musicales.ch\/wp-content\/uploads\/2025\/01\/Sans-titre-1024x397.jpg\" alt=\"\" class=\"wp-image-41\" style=\"width:600px;height:auto\" srcset=\"https:\/\/vendanges-musicales.ch\/wp-content\/uploads\/2025\/01\/Sans-titre-1024x397.jpg 1024w, https:\/\/vendanges-musicales.ch\/wp-content\/uploads\/2025\/01\/Sans-titre-300x116.jpg 300w, https:\/\/vendanges-musicales.ch\/wp-content\/uploads\/2025\/01\/Sans-titre-768x297.jpg 768w, https:\/\/vendanges-musicales.ch\/wp-content\/uploads\/2025\/01\/Sans-titre.jpg 1175w\" sizes=\"auto, (max-width: 1024px) 100vw, 1024px\" \/><\/figure>\n\n\n\n<p class=\"wp-block-paragraph\"><\/p>\n\n\n\n<p class=\"wp-block-paragraph\"><\/p>\n\n\n\n<h2 class=\"wp-block-heading has-text-color has-link-color wp-elements-7\" style=\"color:#723872\">Les statuts<\/h2>\n\n\n\n<p class=\"has-black-color has-text-color has-link-color wp-elements-8 wp-block-paragraph\">T\u00e9l\u00e9chargez en <a href=\"https:\/\/vendanges-musicales.ch\/wp-content\/uploads\/2025\/01\/Statuts-les-vendanges-musicales.pdf\" target=\"_blank\" rel=\"noreferrer noopener\"><strong>cliquant ici<\/strong><\/a><\/p>\n\n\n\n<p class=\"wp-block-paragraph\"><\/p>\n","protected":false},"excerpt":{"rendered":"<p>Les Vendanges Musicales L\u2019association les Vendanges Musicales a \u00e9t\u00e9 cr\u00e9\u00e9e en novembre 2024 \u00e0 Villettedans le but de promouvoir la culture et soutenir les jeunes talents musicaux en Suisseromande. L\u2019objectif &#8230;<\/p>\n","protected":false},"author":1,"featured_media":0,"parent":0,"menu_order":0,"comment_status":"closed","ping_status":"closed","template":"","meta":{"footnotes":""},"class_list":["post-24","page","type-page","status-publish","hentry"],"_links":{"self":[{"href":"https:\/\/vendanges-musicales.ch\/index.php\/wp-json\/wp\/v2\/pages\/24","targetHints":{"allow":["GET"]}}],"collection":[{"href":"https:\/\/vendanges-musicales.ch\/index.php\/wp-json\/wp\/v2\/pages"}],"about":[{"href":"https:\/\/vendanges-musicales.ch\/index.php\/wp-json\/wp\/v2\/types\/page"}],"author":[{"embeddable":true,"href":"https:\/\/vendanges-musicales.ch\/index.php\/wp-json\/wp\/v2\/users\/1"}],"replies":[{"embeddable":true,"href":"https:\/\/vendanges-musicales.ch\/index.php\/wp-json\/wp\/v2\/comments?post=24"}],"version-history":[{"count":12,"href":"https:\/\/vendanges-musicales.ch\/index.php\/wp-json\/wp\/v2\/pages\/24\/revisions"}],"predecessor-version":[{"id":143,"href":"https:\/\/vendanges-musicales.ch\/index.php\/wp-json\/wp\/v2\/pages\/24\/revisions\/143"}],"wp:attachment":[{"href":"https:\/\/vendanges-musicales.ch\/index.php\/wp-json\/wp\/v2\/media?parent=24"}],"curies":[{"name":"wp","href":"https:\/\/api.w.org\/{rel}","templated":true}]}}