{"id":26,"date":"2024-12-27T16:29:04","date_gmt":"2024-12-27T16:29:04","guid":{"rendered":"https:\/\/vendanges-musicales.ch\/?page_id=26"},"modified":"2026-08-16T10:59:53","modified_gmt":"2026-08-16T10:59:53","slug":"partenaires","status":"publish","type":"page","link":"https:\/\/vendanges-musicales.ch\/index.php\/partenaires\/","title":{"rendered":"Partenaires"},"content":{"rendered":"\n<p class=\"wp-block-paragraph\"><\/p>\n\n\n\n<h2 class=\"wp-block-heading has-text-color has-link-color wp-elements-1\" style=\"color:#723872\">Devenir partenaire<\/h2>\n\n\n\n<p class=\"has-black-color has-text-color has-link-color wp-elements-2 wp-block-paragraph\">Devenir sponsor vous offre une opportunit\u00e9 unique de renforcer la visibilit\u00e9 de votre entreprise<br>tout en soutenant un \u00e9v\u00e9nement culturel de qualit\u00e9.<\/p>\n\n\n\n<p class=\"wp-block-paragraph\"><\/p>\n\n\n\n<p class=\"has-black-color has-text-color has-link-color wp-elements-3 wp-block-paragraph\"><br>En tant que sponsor, vous b\u00e9n\u00e9ficiez d&rsquo;une excellente exposition aupr\u00e8s d&rsquo;un public diversifi\u00e9,<br>allant des m\u00e9lomanes avertis aux touristes en qu\u00eate de d\u00e9couvertes culturelles, en passant par<br>les r\u00e9sidents locaux. Votre entreprise sera associ\u00e9e \u00e0 une manifestation de qualit\u00e9, locale, dans<br>un cadre idyllique, valorisant ainsi son image et son engagement envers la culture et les<br>produits r\u00e9gionaux.<\/p>\n\n\n\n<p class=\"has-black-color has-text-color has-link-color wp-elements-4 wp-block-paragraph\"><br>De plus, un partenariat avec notre association vous permettra d\u2019accueillir vos clients lors d\u2019un<br>\u00e9v\u00e9nement unique et convivial. Votre soutien sera \u00e9galement mis en avant \u00e0 travers une<br>communication cibl\u00e9e, avant, pendant et apr\u00e8s le festival.<\/p>\n\n\n\n<p class=\"has-black-color has-text-color has-link-color wp-elements-5 wp-block-paragraph\">T\u00e9l\u00e9chargez le dossier de sponsoring en <strong><a href=\"https:\/\/vendanges-musicales.ch\/wp-content\/uploads\/2026\/04\/2026-Dossier-sponsoring-Association-les-vendanges-musicales.pdf\">cliquant ici.<\/a><\/strong><\/p>\n\n\n\n<p class=\"has-black-color has-text-color has-link-color wp-elements-6 wp-block-paragraph\"><\/p>\n\n\n\n<h2 class=\"wp-block-heading has-text-color has-link-color wp-elements-7\" style=\"color:#723872\">Nos partenaires<\/h2>\n\n\n\n<figure class=\"wp-block-image size-full is-resized\"><a href=\"http:\/\/www.flexpme.ch\" target=\"_blank\" rel=\" noreferrer noopener\"><img loading=\"lazy\" decoding=\"async\" width=\"758\" height=\"269\" src=\"https:\/\/vendanges-musicales.ch\/wp-content\/uploads\/2025\/01\/flexpme.jpg\" alt=\"\" class=\"wp-image-65\" style=\"width:377px;height:auto\" srcset=\"https:\/\/vendanges-musicales.ch\/wp-content\/uploads\/2025\/01\/flexpme.jpg 758w, https:\/\/vendanges-musicales.ch\/wp-content\/uploads\/2025\/01\/flexpme-300x106.jpg 300w\" sizes=\"auto, (max-width: 758px) 100vw, 758px\" \/><\/a><\/figure>\n\n\n\n<p class=\"has-black-color has-text-color has-link-color wp-elements-8 wp-block-paragraph\"><strong>FlexPME SA<\/strong> est une fiduciaire digitale qui accompagne les PME dans leur gestion administrative, comptable et fiscale. Gr\u00e2ce \u00e0 des outils digitaux innovants, elle offre des solutions adapt\u00e9es aux besoins des entrepreneurs pour simplifier leur quotidien. L\u2019entreprise propose \u00e9galement un suivi personnalis\u00e9 pour optimiser la gestion financi\u00e8re de ses clients.<\/p>\n\n\n\n<p class=\"has-white-color has-text-color has-link-color wp-elements-9 wp-block-paragraph\">.<\/p>\n\n\n\n<figure class=\"wp-block-image size-large is-resized\"><a href=\"https:\/\/www.proconseilssolutions.ch\/\"><img loading=\"lazy\" decoding=\"async\" width=\"1024\" height=\"393\" src=\"https:\/\/vendanges-musicales.ch\/wp-content\/uploads\/2025\/07\/Logo_ProConseils_Solutions_P267_A4-1024x393.jpg\" alt=\"\" class=\"wp-image-84\" style=\"width:377px;height:auto\" srcset=\"https:\/\/vendanges-musicales.ch\/wp-content\/uploads\/2025\/07\/Logo_ProConseils_Solutions_P267_A4-1024x393.jpg 1024w, https:\/\/vendanges-musicales.ch\/wp-content\/uploads\/2025\/07\/Logo_ProConseils_Solutions_P267_A4-300x115.jpg 300w, https:\/\/vendanges-musicales.ch\/wp-content\/uploads\/2025\/07\/Logo_ProConseils_Solutions_P267_A4-768x295.jpg 768w, https:\/\/vendanges-musicales.ch\/wp-content\/uploads\/2025\/07\/Logo_ProConseils_Solutions_P267_A4.jpg 1048w\" sizes=\"auto, (max-width: 1024px) 100vw, 1024px\" \/><\/a><\/figure>\n\n\n\n<p class=\"has-black-color has-text-color has-link-color wp-elements-10 wp-block-paragraph\"><strong>ProConseils Solutions SA<\/strong> est une soci\u00e9t\u00e9 de courtage en assurances. Depuis 2003, leurs comp\u00e9tences et leur exp\u00e9rience est \u00e0 votre service pour vous conseiller et apporter des solutions adapt\u00e9es aux besoins sp\u00e9cifiques de votre entreprise, de votre commune ou de votre association. Ceci dans le respect de nos valeurs : Respect, comp\u00e9tence, exigence et esprit d\u2019\u00e9quipe.<\/p>\n\n\n\n<p class=\"has-white-color has-text-color has-link-color wp-elements-11 wp-block-paragraph\">.<\/p>\n\n\n\n<figure class=\"wp-block-image size-full is-resized\"><a href=\"https:\/\/vitismusicalis.ch\/\"><img loading=\"lazy\" decoding=\"async\" width=\"604\" height=\"384\" src=\"https:\/\/vendanges-musicales.ch\/wp-content\/uploads\/2025\/08\/VM.jpg\" alt=\"\" class=\"wp-image-97\" style=\"width:348px;height:auto\" srcset=\"https:\/\/vendanges-musicales.ch\/wp-content\/uploads\/2025\/08\/VM.jpg 604w, https:\/\/vendanges-musicales.ch\/wp-content\/uploads\/2025\/08\/VM-300x191.jpg 300w\" sizes=\"auto, (max-width: 604px) 100vw, 604px\" \/><\/a><\/figure>\n\n\n\n<p class=\"has-black-color has-text-color has-link-color wp-elements-12 wp-block-paragraph\">Le <strong>Domaine Vitis Musicalis<\/strong>, transmis depuis 1921, offre des exp\u00e9riences in\u00e9dites et savoureuses. D\u00e9gustez leurs vins et profitez d&rsquo;un \u00ab\u00a0carnotzet\u00a0\u00bb dans un ancien foudre (barrique de 3350 litres) au c\u0153ur des vignes. Les groupes peuvent y savourer une fondue accompagn\u00e9e d&rsquo;ap\u00e9ritifs et des vins du domaine.<\/p>\n\n\n\n<p class=\"has-white-color has-text-color has-link-color wp-elements-13 wp-block-paragraph\">.<\/p>\n\n\n\n<figure class=\"wp-block-image size-full is-resized\"><a href=\"https:\/\/www.imprimerie-hermann.ch\/\"><img loading=\"lazy\" decoding=\"async\" width=\"500\" height=\"500\" src=\"https:\/\/vendanges-musicales.ch\/wp-content\/uploads\/2025\/08\/logo_entreprise_imprimerie_hermann-1.png\" alt=\"\" class=\"wp-image-121\" style=\"width:220px;height:auto\" srcset=\"https:\/\/vendanges-musicales.ch\/wp-content\/uploads\/2025\/08\/logo_entreprise_imprimerie_hermann-1.png 500w, https:\/\/vendanges-musicales.ch\/wp-content\/uploads\/2025\/08\/logo_entreprise_imprimerie_hermann-1-300x300.png 300w, https:\/\/vendanges-musicales.ch\/wp-content\/uploads\/2025\/08\/logo_entreprise_imprimerie_hermann-1-150x150.png 150w\" sizes=\"auto, (max-width: 500px) 100vw, 500px\" \/><\/a><\/figure>\n\n\n\n<p class=\"has-black-color has-text-color has-link-color wp-elements-14 wp-block-paragraph\">Gr\u00e2ce \u00e0 leur solide exp\u00e9rience, leur dynamisme et leur vision port\u00e9e vers l\u2019avenir,<strong> l&rsquo;entreprise familiale Hermann<\/strong> collabore aux c\u00f4t\u00e9s de ses clients pour la gestion globale de leur identit\u00e9 visuelle.<\/p>\n\n\n\n<p class=\"has-black-color has-text-color has-link-color wp-elements-15 wp-block-paragraph\">Ils proposent une gestion des projets imprim\u00e9s de A \u00e0 Z, de l&rsquo;id\u00e9e au fichier existant. Dans le but d&rsquo;accompagner chaque client, ils mettent \u00e0 leur disposition leur savoir-faire et proposent des services d\u00e8s la conception graphique en offrant des fichiers de qualit\u00e9 adapt\u00e9 \u00e0 tous les supports de communication.<\/p>\n\n\n\n<p class=\"wp-block-paragraph\">.<\/p>\n\n\n\n<figure class=\"wp-block-image size-full is-resized\"><img loading=\"lazy\" decoding=\"async\" width=\"640\" height=\"345\" src=\"https:\/\/vendanges-musicales.ch\/wp-content\/uploads\/2026\/06\/logo_fondation-argema.png\" alt=\"\" class=\"wp-image-174\" style=\"width:392px;height:auto\" srcset=\"https:\/\/vendanges-musicales.ch\/wp-content\/uploads\/2026\/06\/logo_fondation-argema.png 640w, https:\/\/vendanges-musicales.ch\/wp-content\/uploads\/2026\/06\/logo_fondation-argema-300x162.png 300w\" sizes=\"auto, (max-width: 640px) 100vw, 640px\" \/><\/figure>\n\n\n\n<p class=\"wp-block-paragraph\">La <strong>Fondation ArGeMa<\/strong>, cr\u00e9\u00e9e en 2022 en m\u00e9moire de Jean-Marc et May Jomini, fondateurs de l&rsquo;Institut Jomini et de l&rsquo;\u00c9cole Nouvelle de Paudex, perp\u00e9tue un h\u00e9ritage familial fond\u00e9 sur l&rsquo;\u00e9ducation, l&rsquo;entrepreneuriat et la transmission des savoirs. Elle soutient des projets \u00e9ducatifs, sociaux, culturels et artistiques dans les cantons de Vaud et du Valais, dans un but exclusivement non lucratif.<\/p>\n\n\n\n<p class=\"wp-block-paragraph\">.<\/p>\n\n\n\n<figure class=\"wp-block-image size-full\"><a href=\"https:\/\/www.belet-citernes.ch\/\"><img loading=\"lazy\" decoding=\"async\" width=\"294\" height=\"172\" src=\"https:\/\/vendanges-musicales.ch\/wp-content\/uploads\/2026\/06\/telechargement.png\" alt=\"\" class=\"wp-image-175\"\/><\/a><\/figure>\n\n\n\n<p class=\"wp-block-paragraph\"><strong>Belet Citernes SA<\/strong> est une soci\u00e9t\u00e9 sp\u00e9cialis\u00e9e dans tous types de travaux sur citernes, de l\u2019installation \u00e0 la mise hors service, en passant par la r\u00e9vision.<\/p>\n\n\n\n<figure class=\"wp-block-image size-full is-resized\"><img loading=\"lazy\" decoding=\"async\" width=\"1068\" height=\"693\" src=\"https:\/\/vendanges-musicales.ch\/wp-content\/uploads\/2025\/07\/fd.jpg\" alt=\"\" class=\"wp-image-90\" style=\"width:481px;height:auto\" srcset=\"https:\/\/vendanges-musicales.ch\/wp-content\/uploads\/2025\/07\/fd.jpg 1068w, https:\/\/vendanges-musicales.ch\/wp-content\/uploads\/2025\/07\/fd-300x195.jpg 300w, https:\/\/vendanges-musicales.ch\/wp-content\/uploads\/2025\/07\/fd-1024x664.jpg 1024w, https:\/\/vendanges-musicales.ch\/wp-content\/uploads\/2025\/07\/fd-768x498.jpg 768w\" sizes=\"auto, (max-width: 1068px) 100vw, 1068px\" \/><\/figure>\n\n\n\n<p class=\"wp-block-paragraph\">La <strong>Fondation Ir\u00e8ne D\u00e9n\u00e9r\u00e9az <\/strong>promeut la musique et la culture musicale en aidant et en encourageant de jeunes musiciens suisses de talent pour leur permettre de parfaire leur formation ou d&rsquo;entreprendre une carri\u00e8re.<\/p>\n\n\n\n<figure class=\"wp-block-image size-full is-resized\"><a href=\"https:\/\/olivierlegrandluthier.ch\/\"><img loading=\"lazy\" decoding=\"async\" width=\"662\" height=\"463\" src=\"https:\/\/vendanges-musicales.ch\/wp-content\/uploads\/2026\/07\/images.png\" alt=\"\" class=\"wp-image-190\" style=\"aspect-ratio:1.4298188574082675;width:429px;height:auto\" srcset=\"https:\/\/vendanges-musicales.ch\/wp-content\/uploads\/2026\/07\/images.png 662w, https:\/\/vendanges-musicales.ch\/wp-content\/uploads\/2026\/07\/images-300x210.png 300w\" sizes=\"auto, (max-width: 662px) 100vw, 662px\" \/><\/a><\/figure>\n\n\n\n<p class=\"wp-block-paragraph\">L&rsquo;atelier d&rsquo;<strong>Olivier Legrand<\/strong>, \u00e0 Lausanne, est sp\u00e9cialis\u00e9 dans la restauration, le r\u00e9glage, la vente et la location de violons, altos, violoncelles et archets. Fort de pr\u00e8s de 30 ans d&rsquo;exp\u00e9rience, il accompagne les musiciens avec un savoir-faire artisanal et des conseils personnalis\u00e9s.<\/p>\n\n\n\n<p class=\"wp-block-paragraph\">.<\/p>\n\n\n\n<figure class=\"wp-block-image size-full is-resized\"><img loading=\"lazy\" decoding=\"async\" width=\"1467\" height=\"1564\" src=\"https:\/\/vendanges-musicales.ch\/wp-content\/uploads\/2026\/08\/Logo-LaEx_Lutry_Cully_26_banderole_RVBdigital.png\" alt=\"\" class=\"wp-image-207\" style=\"aspect-ratio:1.4298188574082675;width:306px;height:auto\" srcset=\"https:\/\/vendanges-musicales.ch\/wp-content\/uploads\/2026\/08\/Logo-LaEx_Lutry_Cully_26_banderole_RVBdigital.png 1467w, https:\/\/vendanges-musicales.ch\/wp-content\/uploads\/2026\/08\/Logo-LaEx_Lutry_Cully_26_banderole_RVBdigital-281x300.png 281w, https:\/\/vendanges-musicales.ch\/wp-content\/uploads\/2026\/08\/Logo-LaEx_Lutry_Cully_26_banderole_RVBdigital-960x1024.png 960w, https:\/\/vendanges-musicales.ch\/wp-content\/uploads\/2026\/08\/Logo-LaEx_Lutry_Cully_26_banderole_RVBdigital-768x819.png 768w, https:\/\/vendanges-musicales.ch\/wp-content\/uploads\/2026\/08\/Logo-LaEx_Lutry_Cully_26_banderole_RVBdigital-1441x1536.png 1441w\" sizes=\"auto, (max-width: 1467px) 100vw, 1467px\" \/><\/figure>\n\n\n\n<p class=\"wp-block-paragraph\">Partez \u00e0 la d\u00e9couverte du vignoble de Lavaux, Patrimoine Mondial de l&rsquo;UNESCO. Le train touristique <a href=\"https:\/\/www.lavauxexpress.ch\/fr\/\">LAVAUX EXPRESS<\/a> sillonne les coteaux de cette r\u00e9gion viticole forg\u00e9e par des g\u00e9n\u00e9rations de passionn\u00e9s. Une fa\u00e7on insolite de d\u00e9couvrir les merveilleux paysages de Lavaux, vignoble en terrasses.<\/p>\n\n\n\n<p class=\"wp-block-paragraph\"><\/p>\n","protected":false},"excerpt":{"rendered":"<p>Devenir partenaire Devenir sponsor vous offre une opportunit\u00e9 unique de renforcer la visibilit\u00e9 de votre entreprisetout en soutenant un \u00e9v\u00e9nement culturel de qualit\u00e9. En tant que sponsor, vous b\u00e9n\u00e9ficiez d&rsquo;une &#8230;<\/p>\n","protected":false},"author":1,"featured_media":0,"parent":0,"menu_order":0,"comment_status":"closed","ping_status":"closed","template":"","meta":{"footnotes":""},"class_list":["post-26","page","type-page","status-publish","hentry"],"_links":{"self":[{"href":"https:\/\/vendanges-musicales.ch\/index.php\/wp-json\/wp\/v2\/pages\/26","targetHints":{"allow":["GET"]}}],"collection":[{"href":"https:\/\/vendanges-musicales.ch\/index.php\/wp-json\/wp\/v2\/pages"}],"about":[{"href":"https:\/\/vendanges-musicales.ch\/index.php\/wp-json\/wp\/v2\/types\/page"}],"author":[{"embeddable":true,"href":"https:\/\/vendanges-musicales.ch\/index.php\/wp-json\/wp\/v2\/users\/1"}],"replies":[{"embeddable":true,"href":"https:\/\/vendanges-musicales.ch\/index.php\/wp-json\/wp\/v2\/comments?post=26"}],"version-history":[{"count":18,"href":"https:\/\/vendanges-musicales.ch\/index.php\/wp-json\/wp\/v2\/pages\/26\/revisions"}],"predecessor-version":[{"id":209,"href":"https:\/\/vendanges-musicales.ch\/index.php\/wp-json\/wp\/v2\/pages\/26\/revisions\/209"}],"wp:attachment":[{"href":"https:\/\/vendanges-musicales.ch\/index.php\/wp-json\/wp\/v2\/media?parent=26"}],"curies":[{"name":"wp","href":"https:\/\/api.w.org\/{rel}","templated":true}]}}